{"id":2056,"date":"2024-06-21T11:44:35","date_gmt":"2024-06-21T10:44:35","guid":{"rendered":"https:\/\/nagyhazi.hu\/about-us\/nagyhazi-csaba-2\/"},"modified":"2025-04-05T09:50:36","modified_gmt":"2025-04-05T08:50:36","slug":"nagyhazi-csaba-2","status":"publish","type":"page","link":"https:\/\/nagyhazi.hu\/en\/about-us\/nagyhazi-csaba-2\/","title":{"rendered":"Csaba Nagyh\u00e1zi"},"content":{"rendered":"<div class=\"wpb-content-wrapper\"><p>[vc_row row_height_percent=&#8221;0&#8243; override_padding=&#8221;yes&#8221; h_padding=&#8221;2&#8243; top_padding=&#8221;2&#8243; bottom_padding=&#8221;0&#8243; back_image=&#8221;121&#8243; back_repeat=&#8221;repeat-x&#8221; back_position=&#8221;center bottom&#8221; overlay_alpha=&#8221;50&#8243; gutter_size=&#8221;3&#8243; column_width_percent=&#8221;100&#8243; shift_y=&#8221;0&#8243; z_index=&#8221;0&#8243; uncode_shortcode_id=&#8221;314882&#8243; back_size=&#8221;600px&#8221; el_class=&#8221;section&#8211;header-pattern&#8221;][vc_column column_width_percent=&#8221;100&#8243; gutter_size=&#8221;3&#8243; overlay_alpha=&#8221;50&#8243; shift_x=&#8221;0&#8243; shift_y=&#8221;0&#8243; shift_y_down=&#8221;0&#8243; z_index=&#8221;0&#8243; medium_width=&#8221;0&#8243; mobile_width=&#8221;0&#8243; width=&#8221;1\/1&#8243; uncode_shortcode_id=&#8221;732318&#8243;][\/vc_column][\/vc_row][vc_row row_height_percent=&#8221;0&#8243; override_padding=&#8221;yes&#8221; h_padding=&#8221;2&#8243; top_padding=&#8221;0&#8243; bottom_padding=&#8221;2&#8243; back_image=&#8221;121&#8243; back_repeat=&#8221;repeat&#8221; back_position=&#8221;center top&#8221; overlay_alpha=&#8221;100&#8243; gutter_size=&#8221;3&#8243; column_width_percent=&#8221;100&#8243; shift_y=&#8221;0&#8243; z_index=&#8221;0&#8243; uncode_shortcode_id=&#8221;772288&#8243; back_size=&#8221;600px&#8221; el_class=&#8221;section&#8211;header-banner&#8221; overlay_color_type=&#8221;uncode-gradient&#8221; overlay_color_gradient=&#8221;{&#8220;css&#8220;:&#8220;background: linear-gradient(to top , rgb(255, 255, 255) 46% , rgba(255, 255, 255, 0.13) 100%);&#8220;,&#8220;sliders&#8220;:`{`{&#8220;color&#8220;:&#8220;rgb(255, 255, 255)&#8220;,&#8220;position&#8220;:46},{&#8220;color&#8220;:&#8220;rgba(255, 255, 255, 0.13)&#8220;,&#8220;position&#8220;:100}`}`,&#8220;type&#8220;:&#8220;linear&#8220;,&#8220;direction&#8220;:&#8220;bottom&#8220;}&#8221;][vc_column column_width_percent=&#8221;100&#8243; position_vertical=&#8221;bottom&#8221; align_horizontal=&#8221;align_center&#8221; gutter_size=&#8221;3&#8243; override_padding=&#8221;yes&#8221; column_padding=&#8221;3&#8243; back_image=&#8221;348&#8243; overlay_alpha=&#8221;100&#8243; shift_x=&#8221;0&#8243; shift_y=&#8221;0&#8243; shift_y_down=&#8221;0&#8243; z_index=&#8221;0&#8243; medium_width=&#8221;0&#8243; mobile_width=&#8221;0&#8243; width=&#8221;1\/1&#8243; uncode_shortcode_id=&#8221;214711&#8243; overlay_color_type=&#8221;uncode-gradient&#8221; overlay_color_gradient=&#8221;{&#8220;css&#8220;:&#8220;background: linear-gradient(to top , rgb(43, 36, 90) , rgba(43, 36, 90, 0.45) 45% , rgba(43, 36, 90, 0) 97%);&#8220;,&#8220;sliders&#8220;:`{`{&#8220;color&#8220;:&#8220;rgb(43, 36, 90)&#8220;,&#8220;position&#8220;:0},{&#8220;color&#8220;:&#8220;rgba(43, 36, 90, 0.45)&#8220;,&#8220;position&#8220;:45},{&#8220;color&#8220;:&#8220;rgba(43, 36, 90, 0)&#8220;,&#8220;position&#8220;:97}`}`,&#8220;type&#8220;:&#8220;linear&#8220;,&#8220;direction&#8220;:&#8220;bottom&#8220;}&#8221;][vc_row_inner limit_content=&#8221;&#8221;][vc_column_inner column_width_percent=&#8221;80&#8243; position_vertical=&#8221;bottom&#8221; align_horizontal=&#8221;align_center&#8221; gutter_size=&#8221;3&#8243; style=&#8221;dark&#8221; overlay_alpha=&#8221;50&#8243; shift_x=&#8221;0&#8243; shift_y=&#8221;0&#8243; shift_y_down=&#8221;0&#8243; z_index=&#8221;0&#8243; medium_width=&#8221;0&#8243; mobile_width=&#8221;0&#8243; width=&#8221;1\/1&#8243; uncode_shortcode_id=&#8221;139807&#8243;][vc_empty_space empty_h=&#8221;5&#8243;][vc_empty_space empty_h=&#8221;2&#8243;][vc_custom_heading text_font=&#8221;font-pf&#8221; text_size=&#8221;custom&#8221; text_weight=&#8221;400&#8243; uncode_shortcode_id=&#8221;235645&#8243; heading_custom_size=&#8221;50px&#8221; subheading=&#8221;(1944-2012)&#8221;]Csaba Nagyh\u00e1zi, founder &amp; owner of the Nagyh\u00e1zi Gallery and Auction House[\/vc_custom_heading][\/vc_column_inner][\/vc_row_inner][\/vc_column][\/vc_row][vc_row][vc_column column_width_use_pixel=&#8221;yes&#8221; gutter_size=&#8221;3&#8243; overlay_alpha=&#8221;50&#8243; shift_x=&#8221;0&#8243; shift_y=&#8221;0&#8243; shift_y_down=&#8221;0&#8243; z_index=&#8221;0&#8243; medium_width=&#8221;0&#8243; mobile_width=&#8221;0&#8243; width=&#8221;1\/1&#8243; uncode_shortcode_id=&#8221;333564&#8243; column_width_pixel=&#8221;687&#8243;][vc_column_text uncode_shortcode_id=&#8221;205949&#8243;]Gal\u00e9ri\u00e1nk alap\u00edt\u00f3-tulajdonos\u00e1nak szeretetteljes, kedves szem\u00e9lyis\u00e9ge, munkaszeretete nagyon sok egykori, \u00e9s jelenlegi munkat\u00e1rsunknak meghat\u00e1roz\u00f3 jelent\u0151s\u00e9g\u0171 munkahelyi \u00e9lm\u00e9ny volt. Ezt az elm\u00falt id\u0151szakban sz\u00e1mos szem\u00e9lyes visszaeml\u00e9kez\u00e9s \u00e9s m\u00e9ltat\u00e1s igazolta. R\u00e9gi munkat\u00e1rsak, bar\u00e1tok, \u00fczlett\u00e1rsak, szakemberek, gy\u0171jt\u0151k \u00e9s v\u00e1s\u00e1rl\u00f3k \u00edr\u00e1sai, s\u0151t politikusok nyilatkozatai, visszaeml\u00e9kez\u00e9sei hat\u00e1rozott k\u00e9pet rajzolnak Nagyh\u00e1zi Csaba emberi habitus\u00e1r\u00f3l, st\u00edlus\u00e1r\u00f3l, munkab\u00edr\u00e1s\u00e1r\u00f3l, k\u00fczdelmeir\u0151l \u00e9s el\u00e9rt eredm\u00e9nyeir\u0151l.<\/p>\n<p>Gal\u00e9ri\u00e1nk t\u00f6rt\u00e9nete szorosan \u00f6sszefon\u00f3dott Nagyh\u00e1zi Csaba \u00e9let\u00e9nek harminc esztendej\u00e9vel. Azzal a h\u00e1rom \u00e9vtizeddel, amely meghat\u00e1roz\u00f3 volt a hazai m\u0171kereskedelem \u00fajj\u00e1sz\u00fclet\u00e9s\u00e9ben. A rendszerv\u00e1lt\u00e1st megel\u0151z\u0151 n\u00e9h\u00e1ny \u00e9v m\u00e1r t\u00f6bb lehet\u0151s\u00e9get biztos\u00edtott a r\u00e9gi t\u00e1rgyak m\u0171kereskedelmi forgalmaz\u00e1s\u00e1ban, mint az azt megel\u0151z\u0151 \u00e9vtizedek. Nagyh\u00e1zi Csab\u00e1nak kiemelked\u0151 szerepe volt az \u00e1llami monop\u00f3liumk\u00e9nt kezelt m\u0171kereskedelemi piac \u00e1talak\u00edt\u00e1s\u00e1ban. Kezdetben csak Labanc utcai lak\u00e1s\u00e1ban fogadta gy\u0171jt\u0151 bar\u00e1tait \u00e9s \u00f3csk\u00e1s, haszn\u00e1ltcikk keresked\u0151 t\u00e1rsait, ismer\u0151seit. Legend\u00e1s bar\u00e1ts\u00e1gok sz\u00f6v\u0151dtek \u00e9s kit\u0171n\u0151 \u00fczleti kapcsolatok alakultak ezen a m\u00e1r sokak \u00e1ltal romantikus felhangokkal emlegetett helysz\u00ednen. Mi sem igazolja ezt \u00e9kesebben, mint egy r\u00e9gi Labanc utcai szomsz\u00e9d, akit akkor fiatalon Nagyh\u00e1zi Csaba r\u00e9v\u00e9n \u00e9rintett meg a gy\u0171jt\u0151 szenved\u00e9ly, \u00e9s ma \u00e9vtizedek m\u00falt\u00e1val is rendszeres l\u00e1togat\u00f3ja \u00e9s v\u00e1s\u00e1rl\u00f3ja gal\u00e9ri\u00e1nknak.<\/p>\n<p>A hetvenes \u00e9vek Magyarorsz\u00e1g\u00e1nak saj\u00e1tos kultur\u00e1lis viszonyai k\u00f6z\u00f6tt a legt\u00f6bb honfit\u00e1rsunk Erd\u00e9lyt \u00e9s a hazai vid\u00e9ket j\u00e1rva \u00e9bredt r\u00e1 m\u00faltb\u00e9li hagyom\u00e1nyaink, n\u00e9prajzi t\u00e1rgyak, k\u00e9pz\u0151- \u00e9s iparm\u0171v\u00e9szeti alkot\u00e1sok \u0151rz\u00e9s\u00e9nek, gy\u0171jt\u00e9s\u00e9nek fontoss\u00e1g\u00e1ra. Nagyh\u00e1zi Csaba Debrecenben reform\u00e1tus kult\u00far\u00e1ban t\u00f6lt\u00f6tt gyermekkora, valamint apja k\u00f6zismert gy\u0171jt\u0151i tev\u00e9kenys\u00e9ge ennek korai megismer\u00e9s\u00e9t jelent\u0151sen seg\u00edtette. Legjobb bar\u00e1taival hossz\u00fa \u00e9veken \u00e1t gy\u0171jt\u0151 utakon j\u00e1rta Erd\u00e9ly, \u00e9s a Felvid\u00e9k t\u00e1rgyakban akkor m\u00e9g gazdag vid\u00e9keit. Term\u00e9szetesen itthon is szorgalmasan j\u00e1rta a vid\u00e9ki v\u00e1rosokat, falvakat, v\u00e1s\u00e1rokat sz\u00e1mos szem\u00e9lyes ismerets\u00e9get k\u00f6tve \u00fajabb \u00e9s \u00fajabb gy\u0171jt\u0151kkel, keresked\u0151kkel. Mire megnyitotta J\u00e1r\u0151r utcai gar\u00e1zs\u00e1ban r\u00e9gis\u00e9gkeresked\u00e9s\u00e9t szinte m\u00e1r orsz\u00e1gos h\u00e1l\u00f3zatnak nevezhet\u0151 k\u00f6rb\u0151l szerezte be az \u00fajabb \u00e9s \u00fajabb m\u0171t\u00e1rgyakat. De nem el\u00e9gedett meg ezzel, k\u00edv\u00e1ncsis\u00e1ga m\u00e1r az 1970-es \u00e9vek elej\u00e9t\u0151l elhajtotta Spanyolorsz\u00e1g, Franciaorsz\u00e1g, N\u00e9metorsz\u00e1g kvalit\u00e1sos m\u0171t\u00e1rgyakban gazdagabb m\u0171kereskedelmi piacaira, keresked\u00e9seibe is. \u00d6szt\u00f6neire \u00e9s naponta gyarapod\u00f3 gyakorlati ismereteire t\u00e1maszkodva, hihetetlen b\u00e1tors\u00e1ggal, sokszor mer\u00e9szen kock\u00e1ztatva v\u00e1s\u00e1rolt.[\/vc_column_text][vc_column_text uncode_shortcode_id=&#8221;167857&#8243; el_class=&#8221;text-quote&#8221;]<\/p>\n<blockquote>\n<h3><span class=\"font-pf\"><em>Elk\u00e9peszt\u0151 munkab\u00edr\u00e1s\u00e1val \u00e9s temp\u00f3j\u00e1val igyekezett mindenhov\u00e1. Annak, aki l\u00e9p\u00e9st akart vele tartani igencsak szapor\u00e1znia kellett l\u00e9pteit. Ez jelk\u00e9pes \u00e9rtelemben \u00e9s val\u00f3s\u00e1gosan is igaz volt, sokszor pr\u00f3b\u00e1ra tette partnereit.<\/em><\/span><\/h3>\n<\/blockquote>\n<p>[\/vc_column_text][vc_column_text uncode_shortcode_id=&#8221;206488&#8243;]Ebben az intenz\u00edv temp\u00f3ban kezdett bele a Balaton utcai aukci\u00f3sh\u00e1z kialak\u00edt\u00e1s\u00e1ba \u00e9s szervezte meg 1994 \u00e1prilis\u00e1ban a londoni Sotheby\u2019s k\u00f6zrem\u0171k\u00f6d\u00e9s\u00e9vel els\u0151 sikeres \u00e1rver\u00e9s\u00e9t. Az ezt k\u00f6vet\u0151 18 \u00e9v alatt m\u00e9g 188 aukci\u00f3t rendezett. Az \u00e1ltala szerkesztett k\u00f6zel 50 ezer t\u00e1rgyat feldolgoz\u00f3 aukci\u00f3s katal\u00f3gusok m\u00e1r foly\u00f3m\u00e9terben is tekint\u00e9lyes helyet foglalnak el a hazai k\u00f6nyvt\u00e1rak polcain. Egyszer a maastrichti TEFAF-on, mint \u00e9rdekl\u0151d\u0151 ki\u00e1ll\u00edt\u00e1s l\u00e1togat\u00f3 bemutatkozott egy sz\u00e1m\u00e1ra vonz\u00f3 anyagot bemutat\u00f3 antwerpeni keresked\u0151nek. Elmondta di\u00f3h\u00e9jban ki is \u0151 val\u00f3j\u00e1ban, de igaz\u00e1n akkor kezdtek r\u00e1 figyelni mikor aj\u00e1nd\u00e9kba \u00e1tny\u00fajtott n\u00e9h\u00e1ny aukci\u00f3s katal\u00f3gust. A rutinos antwerpeni m\u0171keresked\u0151 pontosan tudta mit jelent, ha valaki m\u00e1sf\u00e9l \u00e9vtizeden \u00e1t t\u00f6bb mint 150 aukci\u00f3t rendezett. Az a nagys\u00e1grend, amiben Nagyh\u00e1zi Csaba gondolkodott \u00e9s dolgozott tiszteletet parancsol\u00f3 volt. B\u00e1rmibe kezdett azt nev\u00e9hez m\u00e9lt\u00f3 m\u00f3don, nagyszab\u00e1s\u00faan, a legmagasabb min\u0151s\u00e9gen val\u00f3s\u00edtotta meg.<\/p>\n<p>Az elm\u00falt \u00e9vtizedek alatt a m\u0171t\u00e1rgyak ir\u00e1nti intenz\u00edv k\u00edv\u00e1ncsis\u00e1ga \u00e9s \u00e9rdekl\u0151d\u00e9se r\u00e9v\u00e9n figyelemre m\u00e9lt\u00f3 gy\u0171jtem\u00e9nyre tett szert. Gy\u0171jtem\u00e9ny\u00e9nek sz\u00e1mos darabj\u00e1t rangos hazai \u00e9s nemzetk\u00f6zi ki\u00e1ll\u00edt\u00e1sra k\u00f6lcs\u00f6n\u00f6zte. A sokf\u00e9le m\u0171fajon bel\u00fcl a magyars\u00e1g n\u00e9prajzi t\u00e1rgyai \u00e1lltak sz\u00edv\u00e9hez a legk\u00f6zelebb.[\/vc_column_text][vc_column_text uncode_shortcode_id=&#8221;135234&#8243; el_class=&#8221;text-quote&#8221;]<\/p>\n<blockquote>\n<h3><em><span class=\"font-pf\">Nemcsak arra t\u00f6rekedett, hogy a k\u00fcl\u00f6nf\u00e9le t\u00e1jegys\u00e9gek eml\u00e9kanyag\u00e1nak rendk\u00edv\u00fcli darabjait birtokolja, hanem ezek egyik legkiv\u00e1l\u00f3bb szak\u00e9rt\u0151je is lehessen. Ennek \u00e9rdek\u00e9ben m\u00f3dszeresen gy\u0171jt\u00f6tte a n\u00e9prajzi szakirodalmat, \u00e9s ismerkedett a hazai m\u00fazeumi gy\u0171jtem\u00e9nyek anyagaival<\/span><\/em><\/h3>\n<\/blockquote>\n<p>[\/vc_column_text][vc_column_text uncode_shortcode_id=&#8221;205303&#8243;]Szeretett t\u00e1rgyair\u00f3l t\u00f6bb alkalommal tartott el\u0151ad\u00e1st a N\u00e9prajzi M\u00fazeum vend\u00e9gek\u00e9nt.<\/p>\n<p>M\u0171keresked\u0151i munk\u00e1ja sor\u00e1n sz\u00e1mos gy\u0171jt\u0151vel \u00e9s m\u0171t\u00e1rgy tulajdonossal ker\u00fclt k\u00f6zvetlen bar\u00e1ti kapcsolatba, akikkel sz\u00edvesen osztotta meg tapasztalatait \u00e9s tud\u00e1s\u00e1t. Szeretetteljes, j\u00f3 ked\u00e9ly\u0171 szem\u00e9lyis\u00e9g\u00e9vel nagyon sok \u00fcgyf\u00e9l bizalm\u00e1t elnyerte. Kedvess\u00e9ge \u00e9s seg\u00edt\u0151k\u00e9szs\u00e9ge k\u00f6zismert volt koll\u00e9g\u00e1i, bar\u00e1tai k\u00f6r\u00e9ben.<\/p>\n<p>Alakul\u00e1sakor megv\u00e1lasztott\u00e1k a Magyar M\u0171keresked\u0151k \u00e9s Gal\u00e9ri\u00e1k Sz\u00f6vets\u00e9g\u00e9nek els\u0151 eln\u00f6k\u00e9v\u00e9. A sz\u00f6vets\u00e9g eln\u00f6kek\u00e9nt t\u00f6bb mint m\u00e1sf\u00e9l \u00e9vtizedig tev\u00e9kenykedett, melynek elismer\u00e9sek\u00e9nt 2010-ben \u00d6r\u00f6k\u00f6s tiszteletbeli eln\u00f6kk\u00e9 v\u00e1lasztott\u00e1k.[\/vc_column_text][\/vc_column][\/vc_row]<\/p>\n<\/div>","protected":false},"excerpt":{"rendered":"<p>[vc_row row_height_percent=&#8221;0&#8243; override_padding=&#8221;yes&#8221; h_padding=&#8221;2&#8243; top_padding=&#8221;2&#8243; bottom_padding=&#8221;0&#8243; back_image=&#8221;121&#8243; back_repeat=&#8221;repeat-x&#8221; back_position=&#8221;center bottom&#8221; overlay_alpha=&#8221;50&#8243; gutter_size=&#8221;3&#8243; column_width_percent=&#8221;100&#8243; shift_y=&#8221;0&#8243; z_index=&#8221;0&#8243; uncode_shortcode_id=&#8221;314882&#8243; back_size=&#8221;600px&#8221; el_class=&#8221;section&#8211;header-pattern&#8221;][vc_column column_width_percent=&#8221;100&#8243; gutter_size=&#8221;3&#8243; [&hellip;]<\/p>\n","protected":false},"author":1,"featured_media":0,"parent":1967,"menu_order":0,"comment_status":"closed","ping_status":"closed","template":"","meta":{"_acf_changed":false,"_seopress_robots_primary_cat":"","_seopress_titles_title":"","_seopress_titles_desc":"","_seopress_robots_index":"","footnotes":""},"class_list":["post-2056","page","type-page","status-publish","hentry"],"acf":[],"_links":{"self":[{"href":"https:\/\/nagyhazi.hu\/en\/wp-json\/wp\/v2\/pages\/2056","targetHints":{"allow":["GET"]}}],"collection":[{"href":"https:\/\/nagyhazi.hu\/en\/wp-json\/wp\/v2\/pages"}],"about":[{"href":"https:\/\/nagyhazi.hu\/en\/wp-json\/wp\/v2\/types\/page"}],"author":[{"embeddable":true,"href":"https:\/\/nagyhazi.hu\/en\/wp-json\/wp\/v2\/users\/1"}],"replies":[{"embeddable":true,"href":"https:\/\/nagyhazi.hu\/en\/wp-json\/wp\/v2\/comments?post=2056"}],"version-history":[{"count":4,"href":"https:\/\/nagyhazi.hu\/en\/wp-json\/wp\/v2\/pages\/2056\/revisions"}],"predecessor-version":[{"id":2092,"href":"https:\/\/nagyhazi.hu\/en\/wp-json\/wp\/v2\/pages\/2056\/revisions\/2092"}],"up":[{"embeddable":true,"href":"https:\/\/nagyhazi.hu\/en\/wp-json\/wp\/v2\/pages\/1967"}],"wp:attachment":[{"href":"https:\/\/nagyhazi.hu\/en\/wp-json\/wp\/v2\/media?parent=2056"}],"curies":[{"name":"wp","href":"https:\/\/api.w.org\/{rel}","templated":true}]}}